{"id":1083,"date":"2023-02-01T15:14:14","date_gmt":"2023-02-01T23:14:14","guid":{"rendered":"https:\/\/sdfas.wpengine.com\/bienvenue-sur-2\/"},"modified":"2025-10-02T12:34:46","modified_gmt":"2025-10-02T19:34:46","slug":"bienvenue","status":"publish","type":"page","link":"https:\/\/www.sdfas.org\/fr\/bienvenue\/","title":{"rendered":"Bienvenue"},"content":{"rendered":"\t\t<div data-elementor-type=\"wp-page\" data-elementor-id=\"1083\" class=\"elementor elementor-1083 elementor-436\" data-elementor-post-type=\"page\">\n\t\t\t\t\t\t<section class=\"elementor-section elementor-top-section elementor-element elementor-element-a6cf570 elementor-section-boxed elementor-section-height-default elementor-section-height-default\" data-id=\"a6cf570\" data-element_type=\"section\" data-e-type=\"section\">\n\t\t\t\t\t\t<div class=\"elementor-container elementor-column-gap-default\">\n\t\t\t\t\t<div class=\"elementor-column elementor-col-100 elementor-top-column elementor-element elementor-element-1749425\" data-id=\"1749425\" data-element_type=\"column\" data-e-type=\"column\">\n\t\t\t<div class=\"elementor-widget-wrap elementor-element-populated\">\n\t\t\t\t\t\t<div class=\"elementor-element elementor-element-010c5d6 elementor-align-center elementor-widget elementor-widget-lottie\" data-id=\"010c5d6\" data-element_type=\"widget\" data-e-type=\"widget\" data-settings=\"{&quot;source_json&quot;:{&quot;url&quot;:&quot;https:\\\/\\\/www.sdfas.org\\\/wp-content\\\/uploads\\\/2023\\\/03\\\/230228_FA_BienvenueWelcome_Cropped.json&quot;,&quot;id&quot;:1315,&quot;size&quot;:&quot;&quot;,&quot;alt&quot;:&quot;&quot;,&quot;source&quot;:&quot;library&quot;},&quot;loop&quot;:&quot;yes&quot;,&quot;source&quot;:&quot;media_file&quot;,&quot;caption_source&quot;:&quot;none&quot;,&quot;link_to&quot;:&quot;none&quot;,&quot;trigger&quot;:&quot;arriving_to_viewport&quot;,&quot;viewport&quot;:{&quot;unit&quot;:&quot;%&quot;,&quot;size&quot;:&quot;&quot;,&quot;sizes&quot;:{&quot;start&quot;:0,&quot;end&quot;:100}},&quot;play_speed&quot;:{&quot;unit&quot;:&quot;px&quot;,&quot;size&quot;:1,&quot;sizes&quot;:[]},&quot;start_point&quot;:{&quot;unit&quot;:&quot;%&quot;,&quot;size&quot;:0,&quot;sizes&quot;:[]},&quot;end_point&quot;:{&quot;unit&quot;:&quot;%&quot;,&quot;size&quot;:100,&quot;sizes&quot;:[]},&quot;renderer&quot;:&quot;svg&quot;}\" data-widget_type=\"lottie.default\">\n\t\t\t\t<div class=\"elementor-widget-container\">\n\t\t\t\t\t<div class=\"e-lottie__container\"><div class=\"e-lottie__animation\"><\/div><\/div>\t\t\t\t<\/div>\n\t\t\t\t<\/div>\n\t\t\t\t<div class=\"elementor-element elementor-element-6015076 elementor-widget__width-initial elementor-widget elementor-widget-video\" data-id=\"6015076\" data-element_type=\"widget\" data-e-type=\"widget\" data-settings=\"{&quot;youtube_url&quot;:&quot;https:\\\/\\\/www.youtube.com\\\/watch?v=VkL1lT8yVw0&quot;,&quot;loop&quot;:&quot;yes&quot;,&quot;show_image_overlay&quot;:&quot;yes&quot;,&quot;image_overlay&quot;:{&quot;url&quot;:&quot;https:\\\/\\\/www.sdfas.org\\\/wp-content\\\/uploads\\\/2024\\\/07\\\/thum-vid.jpg&quot;,&quot;id&quot;:2826,&quot;size&quot;:&quot;&quot;,&quot;alt&quot;:&quot;&quot;,&quot;source&quot;:&quot;library&quot;},&quot;video_type&quot;:&quot;youtube&quot;,&quot;controls&quot;:&quot;yes&quot;}\" data-widget_type=\"video.default\">\n\t\t\t\t<div class=\"elementor-widget-container\">\n\t\t\t\t\t\t\t<div class=\"elementor-wrapper elementor-open-inline\">\n\t\t\t<div class=\"elementor-video\"><\/div>\t\t\t\t<div class=\"elementor-custom-embed-image-overlay\" style=\"background-image: url(https:\/\/www.sdfas.org\/wp-content\/uploads\/2024\/07\/thum-vid.jpg);\">\n\t\t\t\t\t\t\t\t\t\t\t\t\t\t\t\t<div class=\"elementor-custom-embed-play\" role=\"button\" aria-label=\"Lire la vid\u00e9o\" tabindex=\"0\">\n\t\t\t\t\t\t\t<i aria-hidden=\"true\" class=\"eicon-play\"><\/i>\t\t\t\t\t\t<\/div>\n\t\t\t\t\t\t\t\t\t<\/div>\n\t\t\t\t\t<\/div>\n\t\t\t\t\t\t<\/div>\n\t\t\t\t<\/div>\n\t\t\t\t\t<\/div>\n\t\t<\/div>\n\t\t\t\t\t<\/div>\n\t\t<\/section>\n\t\t\t\t<section class=\"elementor-section elementor-top-section elementor-element elementor-element-94a28c5 sec-text elementor-section-boxed elementor-section-height-default elementor-section-height-default\" data-id=\"94a28c5\" data-element_type=\"section\" data-e-type=\"section\">\n\t\t\t\t\t\t<div class=\"elementor-container elementor-column-gap-default\">\n\t\t\t\t\t<div class=\"elementor-column elementor-col-100 elementor-top-column elementor-element elementor-element-97b1798\" data-id=\"97b1798\" data-element_type=\"column\" data-e-type=\"column\">\n\t\t\t<div class=\"elementor-widget-wrap elementor-element-populated\">\n\t\t\t\t\t\t<div class=\"elementor-element elementor-element-c48e51b elementor-widget elementor-widget-text-editor\" data-id=\"c48e51b\" data-element_type=\"widget\" data-e-type=\"widget\" data-widget_type=\"text-editor.default\">\n\t\t\t\t<div class=\"elementor-widget-container\">\n\t\t\t\t\t\t\t\t\t<p>Bienvenue ! L&rsquo;\u00e9cole franco-am\u00e9ricaine de San Diego est une \u00e9cole ind\u00e9pendante, mixte et bilingue qui compte environ 350 \u00e9l\u00e8ves \u00e2g\u00e9s de 18 mois \u00e0 13 ans. Notre \u00e9cole est l&rsquo;une des cinquante \u00e9coles internationales agr\u00e9\u00e9es par le gouvernement fran\u00e7ais (AEFE\/MEN) aux \u00c9tats-Unis (et plus de 500 dans le monde). Elle est \u00e9galement agr\u00e9\u00e9e par la California Association of Independent Schools (CAIS) et la Western Association of Schools and Colleges (WASC). En tant que tel, nous sommes tenus de respecter les normes les plus \u00e9lev\u00e9es de l&rsquo;\u00e9ducation nationale fran\u00e7aise et de ce que les \u00e9coles ind\u00e9pendantes am\u00e9ricaines ont de mieux \u00e0 offrir. Nous sommes fiers de notre engagement in\u00e9branlable en faveur de l&rsquo;excellence.<\/p>\n\t\t\t\t\t\t\t\t<\/div>\n\t\t\t\t<\/div>\n\t\t\t\t\t<\/div>\n\t\t<\/div>\n\t\t\t\t\t<\/div>\n\t\t<\/section>\n\t\t\t\t<section class=\"elementor-section elementor-top-section elementor-element elementor-element-cee0c84 sec-text elementor-section-boxed elementor-section-height-default elementor-section-height-default\" data-id=\"cee0c84\" data-element_type=\"section\" data-e-type=\"section\">\n\t\t\t\t\t\t<div class=\"elementor-container elementor-column-gap-default\">\n\t\t\t\t\t<div class=\"elementor-column elementor-col-100 elementor-top-column elementor-element elementor-element-0ade09b\" data-id=\"0ade09b\" data-element_type=\"column\" data-e-type=\"column\">\n\t\t\t<div class=\"elementor-widget-wrap elementor-element-populated\">\n\t\t\t\t\t\t<div class=\"elementor-element elementor-element-e0a9262 elementor-widget elementor-widget-image\" data-id=\"e0a9262\" data-element_type=\"widget\" data-e-type=\"widget\" data-widget_type=\"image.default\">\n\t\t\t\t<div class=\"elementor-widget-container\">\n\t\t\t\t\t\t\t\t\t\t\t\t\t\t\t<img fetchpriority=\"high\" decoding=\"async\" width=\"300\" height=\"300\" src=\"https:\/\/www.sdfas.org\/wp-content\/uploads\/2024\/08\/Isabelle-David-Photo-300x300.jpg\" class=\"attachment-medium size-medium wp-image-2946\" alt=\"\" srcset=\"https:\/\/www.sdfas.org\/wp-content\/uploads\/2024\/08\/Isabelle-David-Photo-300x300.jpg 300w, https:\/\/www.sdfas.org\/wp-content\/uploads\/2024\/08\/Isabelle-David-Photo-1024x1024.jpg 1024w, https:\/\/www.sdfas.org\/wp-content\/uploads\/2024\/08\/Isabelle-David-Photo-150x150.jpg 150w, https:\/\/www.sdfas.org\/wp-content\/uploads\/2024\/08\/Isabelle-David-Photo-768x768.jpg 768w, https:\/\/www.sdfas.org\/wp-content\/uploads\/2024\/08\/Isabelle-David-Photo.jpg 1200w\" sizes=\"(max-width: 300px) 100vw, 300px\" \/>\t\t\t\t\t\t\t\t\t\t\t\t\t\t\t<\/div>\n\t\t\t\t<\/div>\n\t\t\t\t<div class=\"elementor-element elementor-element-0b37563 elementor-widget elementor-widget-heading\" data-id=\"0b37563\" data-element_type=\"widget\" data-e-type=\"widget\" data-widget_type=\"heading.default\">\n\t\t\t\t<div class=\"elementor-widget-container\">\n\t\t\t\t\t<p class=\"elementor-heading-title elementor-size-default\">Isabelle David, Cheffe d'\u00e9tablissement<\/p>\t\t\t\t<\/div>\n\t\t\t\t<\/div>\n\t\t\t\t<div class=\"elementor-element elementor-element-ef8f2e5 elementor-widget elementor-widget-heading\" data-id=\"ef8f2e5\" data-element_type=\"widget\" data-e-type=\"widget\" data-widget_type=\"heading.default\">\n\t\t\t\t<div class=\"elementor-widget-container\">\n\t\t\t\t\t<h1 class=\"elementor-heading-title elementor-size-default\">Notre campus \u00e0 La Jolla<\/h1>\t\t\t\t<\/div>\n\t\t\t\t<\/div>\n\t\t\t\t<div class=\"elementor-element elementor-element-3edf45b elementor-widget elementor-widget-text-editor\" data-id=\"3edf45b\" data-element_type=\"widget\" data-e-type=\"widget\" data-widget_type=\"text-editor.default\">\n\t\t\t\t<div class=\"elementor-widget-container\">\n\t\t\t\t\t\t\t\t\t<p>Depuis 2006, l&rsquo;\u00e9cole est situ\u00e9e au sommet du Mont Soledad, dans un quartier p\u00e9riph\u00e9rique de La Jolla. Le campus est s\u00e9curis\u00e9 et se trouve \u00e0 quelques minutes de la magnifique c\u00f4te Pacifique. Les \u00e9l\u00e8ves profitent d&rsquo;un campus spacieux dot\u00e9 d&rsquo;installations telles qu&rsquo;un grand terrain de sport, plusieurs aires de jeux et espaces de r\u00e9cr\u00e9ation, une biblioth\u00e8que, un auditorium, une salle de classe STEAM ultramoderne pour le codage et la robotique, et un grand laboratoire scientifique enti\u00e8rement \u00e9quip\u00e9. Dans un rayon de 20 minutes autour de l&rsquo;\u00e9cole, les \u00e9l\u00e8ves profitent d&rsquo;excursions vers les mares de mar\u00e9e des plages locales, le Balboa Park et le zoo de San Diego, les mus\u00e9es d&rsquo;art et de science, et d&rsquo;autres lieux culturels locaux et paysages naturels du comt\u00e9 de San Diego. En 2018, l&rsquo;\u00e9cole a finalis\u00e9 un contrat de location de 60 ans avec le San Diego Unified School District. En outre, dans le cadre de la r\u00e9ponse de l&rsquo;\u00e9cole au COVID-19 \u00e0 l&rsquo;\u00e9t\u00e9 2020, l&rsquo;\u00e9cole franco-am\u00e9ricaine de San Diego a agrandi son campus gr\u00e2ce \u00e0 l&rsquo;acquisition et \u00e0 la r\u00e9novation compl\u00e8te de b\u00e2timents scolaires et d&rsquo;espaces ext\u00e9rieurs suppl\u00e9mentaires.<\/p>\t\t\t\t\t\t\t\t<\/div>\n\t\t\t\t<\/div>\n\t\t\t\t<div class=\"elementor-element elementor-element-e31dab4 elementor-widget elementor-widget-spacer\" data-id=\"e31dab4\" data-element_type=\"widget\" data-e-type=\"widget\" data-widget_type=\"spacer.default\">\n\t\t\t\t<div class=\"elementor-widget-container\">\n\t\t\t\t\t\t\t<div class=\"elementor-spacer\">\n\t\t\t<div class=\"elementor-spacer-inner\"><\/div>\n\t\t<\/div>\n\t\t\t\t\t\t<\/div>\n\t\t\t\t<\/div>\n\t\t\t\t\t<\/div>\n\t\t<\/div>\n\t\t\t\t\t<\/div>\n\t\t<\/section>\n\t\t\t\t<section class=\"elementor-section elementor-top-section elementor-element elementor-element-051cb2d elementor-section-boxed elementor-section-height-default elementor-section-height-default\" data-id=\"051cb2d\" data-element_type=\"section\" data-e-type=\"section\">\n\t\t\t\t\t\t<div class=\"elementor-container elementor-column-gap-no\">\n\t\t\t\t\t<div class=\"elementor-column elementor-col-100 elementor-top-column elementor-element elementor-element-22b3dbb\" data-id=\"22b3dbb\" data-element_type=\"column\" data-e-type=\"column\">\n\t\t\t<div class=\"elementor-widget-wrap elementor-element-populated\">\n\t\t\t\t\t\t<div class=\"elementor-element elementor-element-b41b852 elementor-widget elementor-widget-image\" data-id=\"b41b852\" data-element_type=\"widget\" data-e-type=\"widget\" data-widget_type=\"image.default\">\n\t\t\t\t<div class=\"elementor-widget-container\">\n\t\t\t\t\t\t\t\t\t\t\t\t\t\t\t<img decoding=\"async\" width=\"2560\" height=\"1707\" src=\"https:\/\/www.sdfas.org\/wp-content\/uploads\/2023\/02\/SDFAS_013-scaled.jpg\" class=\"attachment-full size-full wp-image-1042\" alt=\"children running on a track\" srcset=\"https:\/\/www.sdfas.org\/wp-content\/uploads\/2023\/02\/SDFAS_013-scaled.jpg 2560w, https:\/\/www.sdfas.org\/wp-content\/uploads\/2023\/02\/SDFAS_013-300x200.jpg 300w, https:\/\/www.sdfas.org\/wp-content\/uploads\/2023\/02\/SDFAS_013-1024x683.jpg 1024w, https:\/\/www.sdfas.org\/wp-content\/uploads\/2023\/02\/SDFAS_013-768x512.jpg 768w, https:\/\/www.sdfas.org\/wp-content\/uploads\/2023\/02\/SDFAS_013-1536x1024.jpg 1536w, https:\/\/www.sdfas.org\/wp-content\/uploads\/2023\/02\/SDFAS_013-2048x1365.jpg 2048w\" sizes=\"(max-width: 2560px) 100vw, 2560px\" \/>\t\t\t\t\t\t\t\t\t\t\t\t\t\t\t<\/div>\n\t\t\t\t<\/div>\n\t\t\t\t\t<\/div>\n\t\t<\/div>\n\t\t\t\t\t<\/div>\n\t\t<\/section>\n\t\t\t\t<section class=\"elementor-section elementor-top-section elementor-element elementor-element-7659eba sec-text elementor-section-boxed elementor-section-height-default elementor-section-height-default\" data-id=\"7659eba\" data-element_type=\"section\" data-e-type=\"section\">\n\t\t\t\t\t\t<div class=\"elementor-container elementor-column-gap-default\">\n\t\t\t\t\t<div class=\"elementor-column elementor-col-100 elementor-top-column elementor-element elementor-element-e07d727\" data-id=\"e07d727\" data-element_type=\"column\" data-e-type=\"column\">\n\t\t\t<div class=\"elementor-widget-wrap elementor-element-populated\">\n\t\t\t\t\t\t<div class=\"elementor-element elementor-element-3ed2a7e elementor-widget elementor-widget-heading\" data-id=\"3ed2a7e\" data-element_type=\"widget\" data-e-type=\"widget\" data-widget_type=\"heading.default\">\n\t\t\t\t<div class=\"elementor-widget-container\">\n\t\t\t\t\t<h2 class=\"elementor-heading-title elementor-size-default\">Notre \u00e9cole multiculturelle<\/h2>\t\t\t\t<\/div>\n\t\t\t\t<\/div>\n\t\t\t\t<div class=\"elementor-element elementor-element-2a0be37 elementor-widget elementor-widget-text-editor\" data-id=\"2a0be37\" data-element_type=\"widget\" data-e-type=\"widget\" data-widget_type=\"text-editor.default\">\n\t\t\t\t<div class=\"elementor-widget-container\">\n\t\t\t\t\t\t\t\t\t<p>L&rsquo;\u00e9cole franco-am\u00e9ricaine de San Diego est plus qu&rsquo;une simple \u00e9cole bilingue. Il s&rsquo;agit d&rsquo;une communaut\u00e9 internationale diversifi\u00e9e d&rsquo;\u00e9tudiants, de parents, d&rsquo;enseignants et d&rsquo;administrateurs qui partagent tous la m\u00eame vision et les m\u00eames valeurs. Nous souhaitons tous que nos enfants deviennent des individus s\u00fbrs d&rsquo;eux, ouverts sur le monde, capables de formuler leurs id\u00e9es et d&rsquo;exprimer toute une gamme d&rsquo;\u00e9motions. Le programme d&rsquo;\u00e9tudes bien \u00e9tabli de l&rsquo;\u00e9cole favorise l&rsquo;\u00e9panouissement personnel et l&rsquo;excellence de l&rsquo;enseignement dans une perspective mondiale :<\/p>\n<ul>\n<li>Programmes th\u00e9matiques d&rsquo;arts du langage et de litt\u00e9rature.<\/li>\n<li>L&rsquo;histoire et la g\u00e9ographie sont enseign\u00e9es selon des perspectives multiples.<\/li>\n<li>Des fili\u00e8res math\u00e9matiques et scientifiques en double langue.<\/li>\n<li>Programmes d&rsquo;acquisition de la langue et de soutien \u00e0 l&rsquo;apprentissage.<\/li>\n<li>Le codage et la robotique sont int\u00e9gr\u00e9s dans le programme de base.<\/li>\n<li>Un enseignement centr\u00e9 sur l&rsquo;\u00e9l\u00e8ve et un programme d&rsquo;apprentissage socio-\u00e9motionnel \u00e0 l&rsquo;\u00e9chelle de l&rsquo;\u00e9cole.<\/li>\n<\/ul>\n<p>Les petits effectifs dans des salles de classe spacieuses permettent la diff\u00e9renciation et un haut degr\u00e9 d&rsquo;attention individualis\u00e9e. Nous assurons la r\u00e9ussite des \u00e9tudiants en suivant de pr\u00e8s leurs progr\u00e8s acad\u00e9miques et en recourant \u00e0 divers types d&rsquo;\u00e9valuation. Pour les \u00e9l\u00e8ves qui ont besoin d&rsquo;un soutien ou d&rsquo;un d\u00e9fi suppl\u00e9mentaire, des plans \u00e9ducatifs sp\u00e9cifiques sont mis en place gr\u00e2ce au mod\u00e8le de centre d&rsquo;apprentissage de l&rsquo;\u00e9cole. Dans l&rsquo;ensemble, les \u00e9l\u00e8ves de SDFAS obtiennent des r\u00e9sultats \u00e9quivalents ou sup\u00e9rieurs \u00e0 ceux de leurs camarades fran\u00e7ais ou am\u00e9ricains aux tests standardis\u00e9s. Et, apr\u00e8s la 4\u00e8me, nos \u00e9l\u00e8ves sont assur\u00e9ment bien pr\u00e9par\u00e9s pour r\u00e9ussir dans des lyc\u00e9es am\u00e9ricains, fran\u00e7ais ou internationaux tr\u00e8s recherch\u00e9s.&nbsp;<\/p>\t\t\t\t\t\t\t\t<\/div>\n\t\t\t\t<\/div>\n\t\t\t\t\t<\/div>\n\t\t<\/div>\n\t\t\t\t\t<\/div>\n\t\t<\/section>\n\t\t\t\t<section class=\"elementor-section elementor-top-section elementor-element elementor-element-79d412f elementor-section-boxed elementor-section-height-default elementor-section-height-default\" data-id=\"79d412f\" data-element_type=\"section\" data-e-type=\"section\">\n\t\t\t\t\t\t<div class=\"elementor-container elementor-column-gap-no\">\n\t\t\t\t\t<div class=\"elementor-column elementor-col-100 elementor-top-column elementor-element elementor-element-4bc71a6\" data-id=\"4bc71a6\" data-element_type=\"column\" data-e-type=\"column\">\n\t\t\t<div class=\"elementor-widget-wrap elementor-element-populated\">\n\t\t\t\t\t\t<div class=\"elementor-element elementor-element-5e9334d elementor-widget elementor-widget-image\" data-id=\"5e9334d\" data-element_type=\"widget\" data-e-type=\"widget\" data-widget_type=\"image.default\">\n\t\t\t\t<div class=\"elementor-widget-container\">\n\t\t\t\t\t\t\t\t\t\t\t\t\t\t\t<img decoding=\"async\" width=\"2560\" height=\"1707\" src=\"https:\/\/www.sdfas.org\/wp-content\/uploads\/2023\/02\/SDFAS_002-scaled-e1713550081635.jpg\" class=\"attachment-full size-full wp-image-1039\" alt=\"children in classroom one with blindfold\" \/>\t\t\t\t\t\t\t\t\t\t\t\t\t\t\t<\/div>\n\t\t\t\t<\/div>\n\t\t\t\t\t<\/div>\n\t\t<\/div>\n\t\t\t\t\t<\/div>\n\t\t<\/section>\n\t\t\t\t<section class=\"elementor-section elementor-top-section elementor-element elementor-element-ac4b1b5 sec-text elementor-section-boxed elementor-section-height-default elementor-section-height-default\" data-id=\"ac4b1b5\" data-element_type=\"section\" data-e-type=\"section\">\n\t\t\t\t\t\t<div class=\"elementor-container elementor-column-gap-default\">\n\t\t\t\t\t<div class=\"elementor-column elementor-col-100 elementor-top-column elementor-element elementor-element-66afdba\" data-id=\"66afdba\" data-element_type=\"column\" data-e-type=\"column\">\n\t\t\t<div class=\"elementor-widget-wrap elementor-element-populated\">\n\t\t\t\t\t\t<div class=\"elementor-element elementor-element-bfa762e elementor-widget elementor-widget-heading\" data-id=\"bfa762e\" data-element_type=\"widget\" data-e-type=\"widget\" data-widget_type=\"heading.default\">\n\t\t\t\t<div class=\"elementor-widget-container\">\n\t\t\t\t\t<h2 class=\"elementor-heading-title elementor-size-default\">Nos salles de classe r\u00e9actives<\/h2>\t\t\t\t<\/div>\n\t\t\t\t<\/div>\n\t\t\t\t<div class=\"elementor-element elementor-element-fd17724 elementor-widget elementor-widget-text-editor\" data-id=\"fd17724\" data-element_type=\"widget\" data-e-type=\"widget\" data-widget_type=\"text-editor.default\">\n\t\t\t\t<div class=\"elementor-widget-container\">\n\t\t\t\t\t\t\t\t\t<p>Tous les enseignants de l&rsquo;\u00e9cole franco-am\u00e9ricaine de San Diego re\u00e7oivent une formation de base sur la \u00ab\u00a0Responsive Classroom\u00a0\u00bb, une approche de l&rsquo;\u00e9ducation \u00e0 l&rsquo;\u00e9chelle de l&rsquo;\u00e9cole qui privil\u00e9gie l&rsquo;int\u00e9gration d&rsquo;activit\u00e9s visant \u00e0 renforcer les comp\u00e9tences sociales et \u00e9motionnelles dans les le\u00e7ons acad\u00e9miques et la conception des unit\u00e9s. En tant que programme scolaire mis en \u0153uvre de la maternelle \u00e0 la quatri\u00e8me, il permet aux \u00e9l\u00e8ves, aux enseignants, aux administrateurs et aux parents de b\u00e9n\u00e9ficier d&rsquo;un langage et de processus partag\u00e9s, ainsi que des m\u00eames normes de comportement, des r\u00e9sultats scolaires et SEL souhait\u00e9s, et des strat\u00e9gies de r\u00e9solution des probl\u00e8mes et des conflits.<\/p><p>La vision et l&rsquo;orientation actuelles de l&rsquo;\u00e9cole sont d\u00e9finies dans une large mesure par les id\u00e9aux de la classe r\u00e9ceptive. A l&rsquo;Ecole franco-am\u00e9ricaine de San Diego, nous nous effor\u00e7ons chaque jour de poursuivre le travail sans fin de construction et d&rsquo;approfondissement d&rsquo;une culture scolaire dans laquelle le respect, la dignit\u00e9 et la conscience de soi sont au premier plan. Nous r\u00e9compensons un climat dans lequel les enseignants et les \u00e9l\u00e8ves comprennent et adoptent des pratiques \u00e9ducatives modernes et un effort cibl\u00e9 pour cultiver les comp\u00e9tences et l&rsquo;\u00e9tat d&rsquo;esprit de v\u00e9ritables citoyens du monde. L&rsquo;\u00e9cole valorise le d\u00e9veloppement du courage et de l&rsquo;esprit de croissance. Il encourage la pleine conscience, le centrage et l&rsquo;autor\u00e9gulation. Elle encourage l&rsquo;\u00e9coute active et la validation des id\u00e9es, des sentiments, des perspectives et des exp\u00e9riences v\u00e9cues des autres. Elle valorise l&rsquo;exploration de sa propre identit\u00e9 et de ses passions, ainsi que l&rsquo;acceptation de ses points forts et de ses points faibles. Elle vise \u00e0 montrer aux \u00e9l\u00e8ves (et aux adultes) comment r\u00e9agir de mani\u00e8re saine aux \u00e9motions difficiles et aux situations d\u00e9licates. Et bien plus encore.<\/p><p>Il faut un certain nombre d&rsquo;ann\u00e9es de formation continue et d&rsquo;engagement pour transformer la culture d&rsquo;une \u00e9cole de la mani\u00e8re d\u00e9crite ci-dessus. Dans le cas de l&rsquo;\u00e9cole franco-am\u00e9ricaine de San Diego, nous avons lanc\u00e9 notre programme Responsive Classroom au cours de l&rsquo;ann\u00e9e scolaire 2019-2020. Bien qu&rsquo;il y ait encore beaucoup de travail \u00e0 faire (il y en a toujours&#8230;), nous sommes fiers de nos progr\u00e8s jusqu&rsquo;\u00e0 pr\u00e9sent.\u00a0<\/p>\t\t\t\t\t\t\t\t<\/div>\n\t\t\t\t<\/div>\n\t\t\t\t\t<\/div>\n\t\t<\/div>\n\t\t\t\t\t<\/div>\n\t\t<\/section>\n\t\t\t\t<section class=\"elementor-section elementor-top-section elementor-element elementor-element-b98e522 elementor-section-boxed elementor-section-height-default elementor-section-height-default\" data-id=\"b98e522\" data-element_type=\"section\" data-e-type=\"section\">\n\t\t\t\t\t\t<div class=\"elementor-container elementor-column-gap-no\">\n\t\t\t\t\t<div class=\"elementor-column elementor-col-100 elementor-top-column elementor-element elementor-element-7c95792\" data-id=\"7c95792\" data-element_type=\"column\" data-e-type=\"column\">\n\t\t\t<div class=\"elementor-widget-wrap elementor-element-populated\">\n\t\t\t\t\t\t<div class=\"elementor-element elementor-element-24982bc elementor-widget elementor-widget-image\" data-id=\"24982bc\" data-element_type=\"widget\" data-e-type=\"widget\" data-widget_type=\"image.default\">\n\t\t\t\t<div class=\"elementor-widget-container\">\n\t\t\t\t\t\t\t\t\t\t\t\t\t\t\t<img loading=\"lazy\" decoding=\"async\" width=\"2560\" height=\"1707\" src=\"https:\/\/www.sdfas.org\/wp-content\/uploads\/2023\/02\/SDFAS_005-scaled.jpg\" class=\"attachment-full size-full wp-image-1037\" alt=\"child and adult high five in hallway\" srcset=\"https:\/\/www.sdfas.org\/wp-content\/uploads\/2023\/02\/SDFAS_005-scaled.jpg 2560w, https:\/\/www.sdfas.org\/wp-content\/uploads\/2023\/02\/SDFAS_005-300x200.jpg 300w, https:\/\/www.sdfas.org\/wp-content\/uploads\/2023\/02\/SDFAS_005-1024x683.jpg 1024w, https:\/\/www.sdfas.org\/wp-content\/uploads\/2023\/02\/SDFAS_005-768x512.jpg 768w, https:\/\/www.sdfas.org\/wp-content\/uploads\/2023\/02\/SDFAS_005-1536x1024.jpg 1536w, https:\/\/www.sdfas.org\/wp-content\/uploads\/2023\/02\/SDFAS_005-2048x1365.jpg 2048w\" sizes=\"(max-width: 2560px) 100vw, 2560px\" \/>\t\t\t\t\t\t\t\t\t\t\t\t\t\t\t<\/div>\n\t\t\t\t<\/div>\n\t\t\t\t\t<\/div>\n\t\t<\/div>\n\t\t\t\t\t<\/div>\n\t\t<\/section>\n\t\t\t\t<section class=\"elementor-section elementor-top-section elementor-element elementor-element-9ccf746 sec-text elementor-section-boxed elementor-section-height-default elementor-section-height-default\" data-id=\"9ccf746\" data-element_type=\"section\" data-e-type=\"section\">\n\t\t\t\t\t\t<div class=\"elementor-container elementor-column-gap-default\">\n\t\t\t\t\t<div class=\"elementor-column elementor-col-100 elementor-top-column elementor-element elementor-element-2253266\" data-id=\"2253266\" data-element_type=\"column\" data-e-type=\"column\">\n\t\t\t<div class=\"elementor-widget-wrap elementor-element-populated\">\n\t\t\t\t\t\t<div class=\"elementor-element elementor-element-d9902ac elementor-widget elementor-widget-heading\" data-id=\"d9902ac\" data-element_type=\"widget\" data-e-type=\"widget\" data-widget_type=\"heading.default\">\n\t\t\t\t<div class=\"elementor-widget-container\">\n\t\t\t\t\t<h2 class=\"elementor-heading-title elementor-size-default\">Nos professeurs et notre personnel<\/h2>\t\t\t\t<\/div>\n\t\t\t\t<\/div>\n\t\t\t\t<div class=\"elementor-element elementor-element-46dba77 elementor-widget elementor-widget-text-editor\" data-id=\"46dba77\" data-element_type=\"widget\" data-e-type=\"widget\" data-widget_type=\"text-editor.default\">\n\t\t\t\t<div class=\"elementor-widget-container\">\n\t\t\t\t\t\t\t\t\t<p>L&rsquo;\u00e9cole franco-am\u00e9ricaine de San Diego emploie et retient des enseignants hautement qualifi\u00e9s venant de France, des \u00c9tats-Unis et du monde entier. Passionn\u00e9s par leurs domaines d&rsquo;expertise, adh\u00e9rant et mod\u00e9lisant les valeurs fondamentales, et \u00e9tablissant des relations bienveillantes avec les \u00e9l\u00e8ves et les parents, nos cinquante-cinq enseignants (ratio enseignant\/\u00e9l\u00e8ve de 6:1) sont tous titulaires de dipl\u00f4mes sup\u00e9rieurs et d&rsquo;une exp\u00e9rience pr\u00e9alable. Nous maintenons un engagement ferme en faveur du d\u00e9veloppement professionnel et croyons en l&rsquo;importance cruciale de la formation continue, de l&rsquo;accompagnement et du soutien pour l&rsquo;ensemble du corps enseignant et du personnel. Gr\u00e2ce \u00e0 l&rsquo;appartenance de l&rsquo;\u00e9cole \u00e0 des r\u00e9seaux fran\u00e7ais bien \u00e9tablis et \u00e0 des associations am\u00e9ricaines d&rsquo;\u00e9coles ind\u00e9pendantes (au niveau de l&rsquo;\u00c9tat et au niveau national), nos enseignants et notre personnel b\u00e9n\u00e9ficient d&rsquo;un large \u00e9ventail d&rsquo;ateliers en personne et sur \u00e9cran, ax\u00e9s sur les meilleures pratiques fond\u00e9es sur la recherche, la p\u00e9dagogie de pointe, les nouvelles innovations et les tendances \u00e9mergentes dans le domaine de l&rsquo;\u00e9ducation.<\/p>\n\t\t\t\t\t\t\t\t<\/div>\n\t\t\t\t<\/div>\n\t\t\t\t\t<\/div>\n\t\t<\/div>\n\t\t\t\t\t<\/div>\n\t\t<\/section>\n\t\t\t\t<section class=\"elementor-section elementor-top-section elementor-element elementor-element-c548174 elementor-section-boxed elementor-section-height-default elementor-section-height-default\" data-id=\"c548174\" data-element_type=\"section\" data-e-type=\"section\">\n\t\t\t\t\t\t<div class=\"elementor-container elementor-column-gap-no\">\n\t\t\t\t\t<div class=\"elementor-column elementor-col-100 elementor-top-column elementor-element elementor-element-314a45a\" data-id=\"314a45a\" data-element_type=\"column\" data-e-type=\"column\">\n\t\t\t<div class=\"elementor-widget-wrap elementor-element-populated\">\n\t\t\t\t\t\t<div class=\"elementor-element elementor-element-0437fbe elementor-widget elementor-widget-image\" data-id=\"0437fbe\" data-element_type=\"widget\" data-e-type=\"widget\" data-widget_type=\"image.default\">\n\t\t\t\t<div class=\"elementor-widget-container\">\n\t\t\t\t\t\t\t\t\t\t\t\t\t\t\t<img loading=\"lazy\" decoding=\"async\" width=\"2560\" height=\"1707\" src=\"https:\/\/www.sdfas.org\/wp-content\/uploads\/2023\/02\/SDFAS_023-scaled.jpg\" class=\"attachment-full size-full wp-image-1035\" alt=\"family outside child with suitcase\" srcset=\"https:\/\/www.sdfas.org\/wp-content\/uploads\/2023\/02\/SDFAS_023-scaled.jpg 2560w, https:\/\/www.sdfas.org\/wp-content\/uploads\/2023\/02\/SDFAS_023-300x200.jpg 300w, https:\/\/www.sdfas.org\/wp-content\/uploads\/2023\/02\/SDFAS_023-1024x683.jpg 1024w, https:\/\/www.sdfas.org\/wp-content\/uploads\/2023\/02\/SDFAS_023-768x512.jpg 768w, https:\/\/www.sdfas.org\/wp-content\/uploads\/2023\/02\/SDFAS_023-1536x1024.jpg 1536w, https:\/\/www.sdfas.org\/wp-content\/uploads\/2023\/02\/SDFAS_023-2048x1365.jpg 2048w\" sizes=\"(max-width: 2560px) 100vw, 2560px\" \/>\t\t\t\t\t\t\t\t\t\t\t\t\t\t\t<\/div>\n\t\t\t\t<\/div>\n\t\t\t\t\t<\/div>\n\t\t<\/div>\n\t\t\t\t\t<\/div>\n\t\t<\/section>\n\t\t\t\t<section class=\"elementor-section elementor-top-section elementor-element elementor-element-99fefc5 sec-text elementor-section-boxed elementor-section-height-default elementor-section-height-default\" data-id=\"99fefc5\" data-element_type=\"section\" data-e-type=\"section\">\n\t\t\t\t\t\t<div class=\"elementor-container elementor-column-gap-default\">\n\t\t\t\t\t<div class=\"elementor-column elementor-col-100 elementor-top-column elementor-element elementor-element-af6bddb\" data-id=\"af6bddb\" data-element_type=\"column\" data-e-type=\"column\">\n\t\t\t<div class=\"elementor-widget-wrap elementor-element-populated\">\n\t\t\t\t\t\t<div class=\"elementor-element elementor-element-b98ba04 elementor-widget elementor-widget-heading\" data-id=\"b98ba04\" data-element_type=\"widget\" data-e-type=\"widget\" data-widget_type=\"heading.default\">\n\t\t\t\t<div class=\"elementor-widget-container\">\n\t\t\t\t\t<h2 class=\"elementor-heading-title elementor-size-default\">Nos familles<\/h2>\t\t\t\t<\/div>\n\t\t\t\t<\/div>\n\t\t\t\t<div class=\"elementor-element elementor-element-a33d040 elementor-widget elementor-widget-text-editor\" data-id=\"a33d040\" data-element_type=\"widget\" data-e-type=\"widget\" data-widget_type=\"text-editor.default\">\n\t\t\t\t<div class=\"elementor-widget-container\">\n\t\t\t\t\t\t\t\t\t<p>Nos familles parlent plus de 30 langues nationales et comprennent plus de 55 nationalit\u00e9s diff\u00e9rentes. Notre communaut\u00e9 est internationale, diverse et unie par la conviction de la valeur d&rsquo;une \u00e9ducation multilingue pour nos enfants. Les familles de l&rsquo;Ecole franco-am\u00e9ricaine de San Diego travaillent avec l&rsquo;\u00e9cole et en collaboration avec les enseignants de leurs enfants pour \u00e9lever des jeunes gens \u00e9thiques, ouverts d&rsquo;esprit, confiants, \u00e9quilibr\u00e9s et bien pr\u00e9par\u00e9s pour l&rsquo;avenir. Nos parents sont \u00e9galement tr\u00e8s impliqu\u00e9s dans la vie de l&rsquo;\u00e9cole. Ils contribuent de mani\u00e8re significative \u00e0 l&rsquo;environnement chaleureux, stimulant et s\u00fbr de l&rsquo;\u00e9cole. Les \u00e9l\u00e8ves de SDFAS sont \u00e9galement engag\u00e9s dans la vie scolaire. Ils sont heureux. Ils sourient. Ils sont tr\u00e8s fiers de leur identit\u00e9 bilingue unique. Les anciens \u00e9l\u00e8ves reviennent fr\u00e9quemment, ont toujours le sentiment de faire partie de la communaut\u00e9 et font souvent remarquer \u00e0 quel point il leur a \u00e9t\u00e9 facile de r\u00e9ussir en 3\u00e8me dans le lyc\u00e9e de leur choix. Comme nous aimons le dire sur le campus et \u00e0 l&rsquo;\u00e9cran, nos \u00e9tudiants sont \u00ab\u00a0multilingues, polyvalents et pr\u00eats pour le monde entier\u00a0\u00bb.<\/p>\t\t\t\t\t\t\t\t<\/div>\n\t\t\t\t<\/div>\n\t\t\t\t\t<\/div>\n\t\t<\/div>\n\t\t\t\t\t<\/div>\n\t\t<\/section>\n\t\t\t\t<section class=\"elementor-section elementor-top-section elementor-element elementor-element-f61fd75 elementor-section-boxed elementor-section-height-default elementor-section-height-default\" data-id=\"f61fd75\" data-element_type=\"section\" data-e-type=\"section\">\n\t\t\t\t\t\t<div class=\"elementor-container elementor-column-gap-default\">\n\t\t\t\t\t<div class=\"elementor-column elementor-col-100 elementor-top-column elementor-element elementor-element-454c060\" data-id=\"454c060\" data-element_type=\"column\" data-e-type=\"column\">\n\t\t\t<div class=\"elementor-widget-wrap elementor-element-populated\">\n\t\t\t\t\t\t<div class=\"elementor-element elementor-element-789c599 elementor-widget elementor-widget-template\" data-id=\"789c599\" data-element_type=\"widget\" data-e-type=\"widget\" data-widget_type=\"template.default\">\n\t\t\t\t<div class=\"elementor-widget-container\">\n\t\t\t\t\t\t\t<div class=\"elementor-template\">\n\t\t\t\t\t<div data-elementor-type=\"section\" data-elementor-id=\"664\" class=\"elementor elementor-664\" data-elementor-post-type=\"elementor_library\">\n\t\t\t\t\t<section class=\"elementor-section elementor-top-section elementor-element elementor-element-476b660b elementor-section-boxed elementor-section-height-default elementor-section-height-default\" data-id=\"476b660b\" data-element_type=\"section\" data-e-type=\"section\">\n\t\t\t\t\t\t<div class=\"elementor-container elementor-column-gap-default\">\n\t\t\t\t\t<div class=\"elementor-column elementor-col-100 elementor-top-column elementor-element elementor-element-67932343\" data-id=\"67932343\" data-element_type=\"column\" data-e-type=\"column\">\n\t\t\t<div class=\"elementor-widget-wrap elementor-element-populated\">\n\t\t\t\t\t\t<div class=\"elementor-element elementor-element-2957e8cc elementor-widget elementor-widget-html\" data-id=\"2957e8cc\" data-element_type=\"widget\" data-e-type=\"widget\" data-widget_type=\"html.default\">\n\t\t\t\t<div class=\"elementor-widget-container\">\n\t\t\t\t\t<svg xmlns=\"http:\/\/www.w3.org\/2000\/svg\" width=\"624\" height=\"101.302\" viewBox=\"0 0 624 101.302\" style=\"font-family: 'fort', Sans-serif;\" class=\"school-nav\">\n  <g id=\"Group_457\" data-name=\"Group 457\" transform=\"translate(-1161.059 -3358.698)\">\n\t<line id=\"Line_136\" data-name=\"Line 136\" x2=\"470.72\" transform=\"translate(1253.27 3386.671)\" fill=\"none\" stroke=\"#5b4c7d\" stroke-width=\"1\"\/>\n\t\t<a href=\"\/elementary-school\/\">\n\t\t\t<text id=\"Elementary_School\" data-name=\"Elementary School\" transform=\"translate(1477.059 3453)\" fill=\"#5b4c7d\" font-size=\"19\" font-family=\"Fort-Bold, Fort\" font-weight=\"700\" letter-spacing=\"-0.01em\"><tspan x=\"-86.707\" y=\"0\">Elementary School<\/tspan><\/text>\n\t\t<\/a>\n\t\t<a href=\"\/middle-school\/\">\n\t\t\t<text id=\"Middle_School\" data-name=\"Middle School\" transform=\"translate(1719.059 3453)\" fill=\"#5b4c7d\" font-size=\"19\" font-family=\"Fort-Bold, Fort\" font-weight=\"700\" letter-spacing=\"-0.01em\"><tspan x=\"-65.227\" y=\"0\">Middle School<\/tspan><\/text>\n\t\t<\/a>\n\t\t<a href=\"\/pre-elementary\/\">\n\t\t\t<text id=\"Pre-Elementary\" transform=\"translate(1235.059 3453)\" fill=\"#5b4c7d\" font-size=\"19\" font-family=\"Fort-Bold, Fort\" font-weight=\"700\" letter-spacing=\"-0.01em\"><tspan x=\"-73.616\" y=\"0\">Pre-Elementary<\/tspan><\/text>\n\t\t<\/a>\n\t\t<a href=\"\/pre-elementary\/\">\n\t\t\t<rect id=\"Rectangle_398\" class=\"square-pre-elementary\" data-name=\"Rectangle 398\" width=\"54.017\" height=\"54.017\" rx=\"20\" transform=\"translate(1208.059 3358.698)\" fill=\"#ee7f4b\"\/>\n\t\t<\/a>\n\t\t<a href=\"\/middle-school\/\">\n\t\t\t<rect id=\"Rectangle_399\" class=\"square-middle-school\" data-name=\"Rectangle 399\" width=\"54.017\" height=\"54.017\" rx=\"20\" transform=\"translate(1692.059 3358.698)\" fill=\"#0091ce\"\/>\n\t\t<\/a>\n\t\t<a href=\"\/elementary-school\/\">\n\t\t\t<rect id=\"Rectangle_400\" class=\"square-elementary\" data-name=\"Rectangle 400\" width=\"54.017\" height=\"54.017\" rx=\"20\" transform=\"translate(1450.059 3358.698)\" fill=\"#00abc2\"\/>\n\t\t<\/a>\n  <\/g>\n<\/svg>\n\t\t\t\t<\/div>\n\t\t\t\t<\/div>\n\t\t\t\t\t<\/div>\n\t\t<\/div>\n\t\t\t\t\t<\/div>\n\t\t<\/section>\n\t\t\t\t<\/div>\n\t\t\t\t<\/div>\n\t\t\t\t\t\t<\/div>\n\t\t\t\t<\/div>\n\t\t\t\t\t<\/div>\n\t\t<\/div>\n\t\t\t\t\t<\/div>\n\t\t<\/section>\n\t\t\t\t<section class=\"elementor-section elementor-top-section elementor-element elementor-element-b1098cc sec-text back-shape bs-orange elementor-section-content-middle elementor-section-boxed elementor-section-height-default elementor-section-height-default\" data-id=\"b1098cc\" data-element_type=\"section\" data-e-type=\"section\" data-settings=\"{&quot;background_background&quot;:&quot;classic&quot;,&quot;shape_divider_top&quot;:&quot;triangle&quot;,&quot;shape_divider_bottom&quot;:&quot;triangle&quot;}\">\n\t\t\t\t\t<div class=\"elementor-shape elementor-shape-top\" aria-hidden=\"true\" data-negative=\"false\">\n\t\t\t<svg xmlns=\"http:\/\/www.w3.org\/2000\/svg\" viewBox=\"0 0 1000 100\" preserveAspectRatio=\"none\">\n\t<path class=\"elementor-shape-fill\" d=\"M500,98.9L0,6.1V0h1000v6.1L500,98.9z\"\/>\n<\/svg>\t\t<\/div>\n\t\t\t\t<div class=\"elementor-shape elementor-shape-bottom\" aria-hidden=\"true\" data-negative=\"false\">\n\t\t\t<svg xmlns=\"http:\/\/www.w3.org\/2000\/svg\" viewBox=\"0 0 1000 100\" preserveAspectRatio=\"none\">\n\t<path class=\"elementor-shape-fill\" d=\"M500,98.9L0,6.1V0h1000v6.1L500,98.9z\"\/>\n<\/svg>\t\t<\/div>\n\t\t\t\t\t<div class=\"elementor-container elementor-column-gap-default\">\n\t\t\t\t\t<div class=\"elementor-column elementor-col-100 elementor-top-column elementor-element elementor-element-6767671\" data-id=\"6767671\" data-element_type=\"column\" data-e-type=\"column\">\n\t\t\t<div class=\"elementor-widget-wrap elementor-element-populated\">\n\t\t\t\t\t\t<div class=\"elementor-element elementor-element-d326c98 quote-purple elementor-widget elementor-widget-text-editor\" data-id=\"d326c98\" data-element_type=\"widget\" data-e-type=\"widget\" data-widget_type=\"text-editor.default\">\n\t\t\t\t<div class=\"elementor-widget-container\">\n\t\t\t\t\t\t\t\t\t<blockquote>\n<p class=\"p1\">M\u00eame si la langue fran\u00e7aise n&rsquo;est pas parl\u00e9e couramment dans notre foyer, nous pouvons affirmer avec confiance qu&rsquo;elle a non seulement d\u00e9velopp\u00e9 sa capacit\u00e9 \u00e0 parler et \u00e0 comprendre la langue fran\u00e7aise, mais aussi sa capacit\u00e9 \u00e0 s&rsquo;exprimer verbalement et artistiquement gr\u00e2ce \u00e0 de fr\u00e9quentes repr\u00e9sentations de chansons et de danses.  <span style=\"color: #5b4c7d;\">Zorana et Justin, parents de Lola<\/span><\/p>\n<\/blockquote>\t\t\t\t\t\t\t\t<\/div>\n\t\t\t\t<\/div>\n\t\t\t\t\t<\/div>\n\t\t<\/div>\n\t\t\t\t\t<\/div>\n\t\t<\/section>\n\t\t\t\t<section class=\"elementor-section elementor-top-section elementor-element elementor-element-6b28081 elementor-section-boxed elementor-section-height-default elementor-section-height-default\" data-id=\"6b28081\" data-element_type=\"section\" data-e-type=\"section\">\n\t\t\t\t\t\t<div class=\"elementor-container elementor-column-gap-default\">\n\t\t\t\t\t<div class=\"elementor-column elementor-col-100 elementor-top-column elementor-element elementor-element-3fdbede\" data-id=\"3fdbede\" data-element_type=\"column\" data-e-type=\"column\">\n\t\t\t<div class=\"elementor-widget-wrap elementor-element-populated\">\n\t\t\t\t\t\t<div class=\"elementor-element elementor-element-d316b50 elementor-widget elementor-widget-spacer\" data-id=\"d316b50\" data-element_type=\"widget\" data-e-type=\"widget\" data-widget_type=\"spacer.default\">\n\t\t\t\t<div class=\"elementor-widget-container\">\n\t\t\t\t\t\t\t<div class=\"elementor-spacer\">\n\t\t\t<div class=\"elementor-spacer-inner\"><\/div>\n\t\t<\/div>\n\t\t\t\t\t\t<\/div>\n\t\t\t\t<\/div>\n\t\t\t\t\t<\/div>\n\t\t<\/div>\n\t\t\t\t\t<\/div>\n\t\t<\/section>\n\t\t\t\t<\/div>\n\t\t","protected":false},"excerpt":{"rendered":"<p>https:\/\/www.youtube.com\/watch?v=VkL1lT8yVw0 Bienvenue ! L&rsquo;\u00e9cole franco-am\u00e9ricaine de San Diego est une \u00e9cole ind\u00e9pendante, mixte et bilingue qui compte environ 350 \u00e9l\u00e8ves \u00e2g\u00e9s de 18 mois \u00e0 13 ans. Notre \u00e9cole est l&rsquo;une des cinquante \u00e9coles internationales agr\u00e9\u00e9es par le gouvernement fran\u00e7ais (AEFE\/MEN) aux \u00c9tats-Unis (et plus de 500 dans le monde). Elle est \u00e9galement agr\u00e9\u00e9e par [&hellip;]<\/p>\n","protected":false},"author":3,"featured_media":0,"parent":0,"menu_order":0,"comment_status":"closed","ping_status":"closed","template":"","meta":{"_acf_changed":false,"om_disable_all_campaigns":false,"_monsterinsights_skip_tracking":false,"_monsterinsights_sitenote_active":false,"_monsterinsights_sitenote_note":"","_monsterinsights_sitenote_category":0,"footnotes":""},"class_list":["post-1083","page","type-page","status-publish","hentry"],"acf":[],"aioseo_notices":[],"_links":{"self":[{"href":"https:\/\/www.sdfas.org\/fr\/wp-json\/wp\/v2\/pages\/1083","targetHints":{"allow":["GET"]}}],"collection":[{"href":"https:\/\/www.sdfas.org\/fr\/wp-json\/wp\/v2\/pages"}],"about":[{"href":"https:\/\/www.sdfas.org\/fr\/wp-json\/wp\/v2\/types\/page"}],"author":[{"embeddable":true,"href":"https:\/\/www.sdfas.org\/fr\/wp-json\/wp\/v2\/users\/3"}],"replies":[{"embeddable":true,"href":"https:\/\/www.sdfas.org\/fr\/wp-json\/wp\/v2\/comments?post=1083"}],"version-history":[{"count":0,"href":"https:\/\/www.sdfas.org\/fr\/wp-json\/wp\/v2\/pages\/1083\/revisions"}],"wp:attachment":[{"href":"https:\/\/www.sdfas.org\/fr\/wp-json\/wp\/v2\/media?parent=1083"}],"curies":[{"name":"wp","href":"https:\/\/api.w.org\/{rel}","templated":true}]}}