{"id":1910,"date":"2024-02-28T14:05:13","date_gmt":"2024-02-28T22:05:13","guid":{"rendered":"https:\/\/www.sdfas.org\/?page_id=1910"},"modified":"2024-09-04T13:50:03","modified_gmt":"2024-09-04T20:50:03","slug":"association-des-parents-et-de-la-communaute","status":"publish","type":"page","link":"https:\/\/www.sdfas.org\/fr\/association-des-parents-et-de-la-communaute\/","title":{"rendered":"Association des Parents et de la Communaut\u00e9"},"content":{"rendered":"\t\t<div data-elementor-type=\"wp-page\" data-elementor-id=\"1910\" class=\"elementor elementor-1910\" data-elementor-post-type=\"page\">\n\t\t\t\t\t\t<section class=\"elementor-section elementor-top-section elementor-element elementor-element-53a496b sec-text elementor-section-boxed elementor-section-height-default elementor-section-height-default\" data-id=\"53a496b\" data-element_type=\"section\" data-e-type=\"section\">\n\t\t\t\t\t\t<div class=\"elementor-container elementor-column-gap-default\">\n\t\t\t\t\t<div class=\"elementor-column elementor-col-100 elementor-top-column elementor-element elementor-element-2b65791\" data-id=\"2b65791\" data-element_type=\"column\" data-e-type=\"column\">\n\t\t\t<div class=\"elementor-widget-wrap elementor-element-populated\">\n\t\t\t\t\t\t<div class=\"elementor-element elementor-element-9855a5c intro elementor-widget elementor-widget-heading\" data-id=\"9855a5c\" data-element_type=\"widget\" data-e-type=\"widget\" data-widget_type=\"heading.default\">\n\t\t\t\t<div class=\"elementor-widget-container\">\n\t\t\t\t\t<div class=\"elementor-heading-title elementor-size-default\">Association des Parents et de la Communaut\u00e9<\/div>\t\t\t\t<\/div>\n\t\t\t\t<\/div>\n\t\t\t\t<div class=\"elementor-element elementor-element-6bea93b elementor-widget elementor-widget-heading\" data-id=\"6bea93b\" data-element_type=\"widget\" data-e-type=\"widget\" data-widget_type=\"heading.default\">\n\t\t\t\t<div class=\"elementor-widget-container\">\n\t\t\t\t\t<h1 class=\"elementor-heading-title elementor-size-default\">Organisons-nous !<\/h1>\t\t\t\t<\/div>\n\t\t\t\t<\/div>\n\t\t\t\t<div class=\"elementor-element elementor-element-c0c8d06 elementor-widget elementor-widget-spacer\" data-id=\"c0c8d06\" data-element_type=\"widget\" data-e-type=\"widget\" data-widget_type=\"spacer.default\">\n\t\t\t\t<div class=\"elementor-widget-container\">\n\t\t\t\t\t\t\t<div class=\"elementor-spacer\">\n\t\t\t<div class=\"elementor-spacer-inner\"><\/div>\n\t\t<\/div>\n\t\t\t\t\t\t<\/div>\n\t\t\t\t<\/div>\n\t\t\t\t\t<\/div>\n\t\t<\/div>\n\t\t\t\t\t<\/div>\n\t\t<\/section>\n\t\t\t\t<section class=\"elementor-section elementor-top-section elementor-element elementor-element-9e88148 elementor-section-boxed elementor-section-height-default elementor-section-height-default\" data-id=\"9e88148\" data-element_type=\"section\" data-e-type=\"section\">\n\t\t\t\t\t\t<div class=\"elementor-container elementor-column-gap-no\">\n\t\t\t\t\t<div class=\"elementor-column elementor-col-100 elementor-top-column elementor-element elementor-element-697f595\" data-id=\"697f595\" data-element_type=\"column\" data-e-type=\"column\">\n\t\t\t<div class=\"elementor-widget-wrap elementor-element-populated\">\n\t\t\t\t\t\t<div class=\"elementor-element elementor-element-ed02343 elementor-widget elementor-widget-image\" data-id=\"ed02343\" data-element_type=\"widget\" data-e-type=\"widget\" data-widget_type=\"image.default\">\n\t\t\t\t<div class=\"elementor-widget-container\">\n\t\t\t\t\t\t\t\t\t\t\t\t\t\t\t<img fetchpriority=\"high\" decoding=\"async\" width=\"2048\" height=\"1365\" src=\"https:\/\/www.sdfas.org\/wp-content\/uploads\/2023\/03\/CA_PHOTO-2048x1365.jpg\" class=\"attachment-2048x2048 size-2048x2048 wp-image-1347\" alt=\"\" srcset=\"https:\/\/www.sdfas.org\/wp-content\/uploads\/2023\/03\/CA_PHOTO-2048x1365.jpg 2048w, https:\/\/www.sdfas.org\/wp-content\/uploads\/2023\/03\/CA_PHOTO-300x200.jpg 300w, https:\/\/www.sdfas.org\/wp-content\/uploads\/2023\/03\/CA_PHOTO-1024x683.jpg 1024w, https:\/\/www.sdfas.org\/wp-content\/uploads\/2023\/03\/CA_PHOTO-768x512.jpg 768w, https:\/\/www.sdfas.org\/wp-content\/uploads\/2023\/03\/CA_PHOTO-1536x1024.jpg 1536w\" sizes=\"(max-width: 2048px) 100vw, 2048px\" \/>\t\t\t\t\t\t\t\t\t\t\t\t\t\t\t<\/div>\n\t\t\t\t<\/div>\n\t\t\t\t<div class=\"elementor-element elementor-element-a35f926 elementor-widget elementor-widget-spacer\" data-id=\"a35f926\" data-element_type=\"widget\" data-e-type=\"widget\" data-widget_type=\"spacer.default\">\n\t\t\t\t<div class=\"elementor-widget-container\">\n\t\t\t\t\t\t\t<div class=\"elementor-spacer\">\n\t\t\t<div class=\"elementor-spacer-inner\"><\/div>\n\t\t<\/div>\n\t\t\t\t\t\t<\/div>\n\t\t\t\t<\/div>\n\t\t\t\t\t<\/div>\n\t\t<\/div>\n\t\t\t\t\t<\/div>\n\t\t<\/section>\n\t\t\t\t<section class=\"elementor-section elementor-top-section elementor-element elementor-element-85bd8c9 sec-text elementor-section-boxed elementor-section-height-default elementor-section-height-default\" data-id=\"85bd8c9\" data-element_type=\"section\" data-e-type=\"section\">\n\t\t\t\t\t\t<div class=\"elementor-container elementor-column-gap-default\">\n\t\t\t\t\t<div class=\"elementor-column elementor-col-100 elementor-top-column elementor-element elementor-element-9af405c\" data-id=\"9af405c\" data-element_type=\"column\" data-e-type=\"column\">\n\t\t\t<div class=\"elementor-widget-wrap elementor-element-populated\">\n\t\t\t\t\t\t<div class=\"elementor-element elementor-element-3f62341 elementor-widget elementor-widget-text-editor\" data-id=\"3f62341\" data-element_type=\"widget\" data-e-type=\"widget\" data-widget_type=\"text-editor.default\">\n\t\t\t\t<div class=\"elementor-widget-container\">\n\t\t\t\t\t\t\t\t\t<p>L&rsquo;association des parents et de la communaut\u00e9 de l&rsquo;\u00e9cole franco-am\u00e9ricaine de San Diego (P.C.A.) est compos\u00e9e d&rsquo;\u00e9l\u00e8ves, de professeurs, de membres du personnel et de parents d&rsquo;\u00e9l\u00e8ves. Sa mission est de renforcer et de soutenir une communaut\u00e9 dynamique, internationale et ouverte \u00e0 tous les membres de notre famille scolaire.<\/p>\t\t\t\t\t\t\t\t<\/div>\n\t\t\t\t<\/div>\n\t\t\t\t<div class=\"elementor-element elementor-element-306b045 elementor-widget__width-initial elementor-widget elementor-widget-heading\" data-id=\"306b045\" data-element_type=\"widget\" data-e-type=\"widget\" data-widget_type=\"heading.default\">\n\t\t\t\t<div class=\"elementor-widget-container\">\n\t\t\t\t\t<h3 class=\"elementor-heading-title elementor-size-default\">Structure<\/h3>\t\t\t\t<\/div>\n\t\t\t\t<\/div>\n\t\t\t\t<div class=\"elementor-element elementor-element-d7a260f elementor-widget elementor-widget-text-editor\" data-id=\"d7a260f\" data-element_type=\"widget\" data-e-type=\"widget\" data-widget_type=\"text-editor.default\">\n\t\t\t\t<div class=\"elementor-widget-container\">\n\t\t\t\t\t\t\t\t\t<p>Son \u00e9quipe dirigeante est structur\u00e9e comme suit :<\/p><ul><li><strong>Pr\u00e9sident :<\/strong> Fait rapport au comit\u00e9 du marketing et de la communication sur les progr\u00e8s du P.C.A. sur une base mensuelle. Fixe l&rsquo;objectif annuel avec le chef d&rsquo;\u00e9tablissement et coordonne avec son \u00e9quipe de direction tous les b\u00e9n\u00e9voles de l&rsquo;\u00e9v\u00e9nement.<\/li><li><strong>Vice-pr\u00e9sident :<\/strong> Il communique avec les parents de chambre de la division sur toutes les communications qui doivent \u00eatre envoy\u00e9es par les parents de chambre. Coordonne avec le tr\u00e9sorier le budget pour l&rsquo;appr\u00e9ciation des enseignants et du personnel.<\/li><li><strong>Secr\u00e9taire :<\/strong> Il r\u00e9dige et archive les proc\u00e8s-verbaux de chaque r\u00e9union des dirigeants du P.C.A.<\/li><li><strong>Tr\u00e9sorier :<\/strong> Coordonne le budget annuel avant le 31 ao\u00fbt de chaque ann\u00e9e avec le directeur des finances de l&rsquo;\u00e9cole.<\/li><li><strong>Pr\u00e9sident sortant :<\/strong> Coordonne avec le directeur de la gestion des inscriptions toutes les activit\u00e9s des ambassadeurs, y compris les contacts avec les familles nouvelles et actuelles.<\/li><\/ul><p>Les objectifs de l&rsquo;\u00e9quipe de direction du P.C.A sont les suivants :<\/p><ul><li>Organiser et promouvoir des \u00e9v\u00e9nements communautaires<\/li><li>Soutenir et recruter des b\u00e9n\u00e9voles<\/li><li>Soutenir les activit\u00e9s de la classe en coordonnant les efforts des parents et les \u00e9v\u00e9nements d&rsquo;appr\u00e9ciation.<\/li><\/ul>\t\t\t\t\t\t\t\t<\/div>\n\t\t\t\t<\/div>\n\t\t\t\t\t<\/div>\n\t\t<\/div>\n\t\t\t\t\t<\/div>\n\t\t<\/section>\n\t\t\t\t<section class=\"elementor-section elementor-top-section elementor-element elementor-element-a641641 sec-text elementor-section-boxed elementor-section-height-default elementor-section-height-default\" data-id=\"a641641\" data-element_type=\"section\" data-e-type=\"section\">\n\t\t\t\t\t\t<div class=\"elementor-container elementor-column-gap-default\">\n\t\t\t\t\t<div class=\"elementor-column elementor-col-100 elementor-top-column elementor-element elementor-element-70d9ba7\" data-id=\"70d9ba7\" data-element_type=\"column\" data-e-type=\"column\">\n\t\t\t<div class=\"elementor-widget-wrap elementor-element-populated\">\n\t\t\t\t\t\t<div class=\"elementor-element elementor-element-f3d1684 elementor-widget elementor-widget-heading\" data-id=\"f3d1684\" data-element_type=\"widget\" data-e-type=\"widget\" data-widget_type=\"heading.default\">\n\t\t\t\t<div class=\"elementor-widget-container\">\n\t\t\t\t\t<h3 class=\"elementor-heading-title elementor-size-default\">Communication<\/h3>\t\t\t\t<\/div>\n\t\t\t\t<\/div>\n\t\t\t\t<div class=\"elementor-element elementor-element-6c80b7d elementor-widget elementor-widget-text-editor\" data-id=\"6c80b7d\" data-element_type=\"widget\" data-e-type=\"widget\" data-widget_type=\"text-editor.default\">\n\t\t\t\t<div class=\"elementor-widget-container\">\n\t\t\t\t\t\t\t\t\t<p>Pour tenir la communaut\u00e9 inform\u00e9e, le P.C.A. communique r\u00e9guli\u00e8rement par le biais du bulletin d&rsquo;information hebdomadaire de l&rsquo;\u00e9cole, Hebdo-Weekly. En outre, le parent principal envoie des courriels \u00e0 l&rsquo;ensemble de la communaut\u00e9 pour partager des informations par l&rsquo;interm\u00e9diaire des parents de la salle de classe.<\/p>\t\t\t\t\t\t\t\t<\/div>\n\t\t\t\t<\/div>\n\t\t\t\t\t<\/div>\n\t\t<\/div>\n\t\t\t\t\t<\/div>\n\t\t<\/section>\n\t\t\t\t<section class=\"elementor-section elementor-top-section elementor-element elementor-element-9c7800b sec-text elementor-section-boxed elementor-section-height-default elementor-section-height-default\" data-id=\"9c7800b\" data-element_type=\"section\" data-e-type=\"section\">\n\t\t\t\t\t\t<div class=\"elementor-container elementor-column-gap-default\">\n\t\t\t\t\t<div class=\"elementor-column elementor-col-100 elementor-top-column elementor-element elementor-element-e36cc1a\" data-id=\"e36cc1a\" data-element_type=\"column\" data-e-type=\"column\">\n\t\t\t<div class=\"elementor-widget-wrap elementor-element-populated\">\n\t\t\t\t\t\t<div class=\"elementor-element elementor-element-9c2d43c elementor-widget elementor-widget-heading\" data-id=\"9c2d43c\" data-element_type=\"widget\" data-e-type=\"widget\" data-widget_type=\"heading.default\">\n\t\t\t\t<div class=\"elementor-widget-container\">\n\t\t\t\t\t<h3 class=\"elementor-heading-title elementor-size-default\">Ev\u00e9nements<\/h3>\t\t\t\t<\/div>\n\t\t\t\t<\/div>\n\t\t\t\t<div class=\"elementor-element elementor-element-45bffe7 elementor-widget elementor-widget-text-editor\" data-id=\"45bffe7\" data-element_type=\"widget\" data-e-type=\"widget\" data-widget_type=\"text-editor.default\">\n\t\t\t\t<div class=\"elementor-widget-container\">\n\t\t\t\t\t\t\t\t\t<p>En collaboration avec l&rsquo;administration de l&rsquo;\u00e9cole, le P.C.A. organise chaque ann\u00e9e de nombreux \u00e9v\u00e9nements pour les \u00e9l\u00e8ves et leurs familles afin de rassembler la communaut\u00e9 scolaire, de cr\u00e9er des liens entre nous et d&rsquo;accueillir de nouvelles familles. L&rsquo;\u00e9quipe dirigeante du P.C.A est soutenue par des sous-comit\u00e9s sp\u00e9cifiques \u00e0 chaque \u00e9v\u00e9nement, chacun ayant son propre pr\u00e9sident, son propre copr\u00e9sident et ses propres b\u00e9n\u00e9voles. Les \u00e9v\u00e9nements annuels sont d\u00e9cid\u00e9s, programm\u00e9s et budg\u00e9tis\u00e9s avant le 30 ao\u00fbt de chaque ann\u00e9e.<\/p><ul><li><strong><i>Sunset at the Shores<\/i>:<\/strong> ce rassemblement familial d\u00e9contract\u00e9 \u00e0 la plage permet aux nouvelles familles et \u00e0 celles qui reviennent d&rsquo;entrer en contact avec les parents des classes de leurs enfants.<\/li><li><strong>Donation annuelle :<\/strong> Une forte culture de la philanthropie est essentielle pour faire avancer notre mission, et le Fonds annuel est la collecte de fonds la plus importante de l&rsquo;\u00e9cole.<\/li><li><strong>March\u00e9 de No\u00ebl \/ Winter Market :<\/strong> Un march\u00e9 de style europ\u00e9en qui rassemble la famille de l&rsquo;\u00e9cole et la communaut\u00e9 locale.<\/li><li><strong>Talent Show :<\/strong> Une soir\u00e9e de musique\/danse\/com\u00e9die\/performance qui rassemble la famille franco-am\u00e9ricaine de San Diego.<\/li><li><strong>Foires du livre :<\/strong> Une foire aux livres d&rsquo;une semaine dans l&rsquo;auditorium de l&rsquo;\u00e9cole.<\/li><li><strong>Jog-A-Thon :<\/strong> Une course qui a un but ! Tous les fonds collect\u00e9s sont utilis\u00e9s pour r\u00e9approvisionner l&rsquo;\u00e9quipement sportif de l&rsquo;\u00e9cole et\/ou sont donn\u00e9s \u00e0 des organisations choisies par les d\u00e9l\u00e9gu\u00e9s des \u00e9l\u00e8ves.<\/li><li><strong>Semaine d&rsquo;appr\u00e9ciation des enseignants :<\/strong>\u00a0nous prenons le temps de remercier nos enseignants et administrateurs.<\/li><li><strong>Gala :<\/strong> Notre \u00e9v\u00e9nement annuel de collecte de fonds vise \u00e0 r\u00e9unir des fonds essentiels pour le campus et les programmes de l&rsquo;\u00e9cole.<\/li><li><strong>Kermesse :<\/strong> Un \u00e9v\u00e9nement pour la communaut\u00e9 enti\u00e8re afin de c\u00e9l\u00e9brer la fin de l&rsquo;ann\u00e9e scolaire. La kermesse comprend des jeux et des stands de nourriture internationale pour le plaisir de toutes les familles.<\/li><\/ul>\t\t\t\t\t\t\t\t<\/div>\n\t\t\t\t<\/div>\n\t\t\t\t\t<\/div>\n\t\t<\/div>\n\t\t\t\t\t<\/div>\n\t\t<\/section>\n\t\t\t\t<section class=\"elementor-section elementor-top-section elementor-element elementor-element-0b2826e sec-text elementor-section-boxed elementor-section-height-default elementor-section-height-default\" data-id=\"0b2826e\" data-element_type=\"section\" data-e-type=\"section\">\n\t\t\t\t\t\t<div class=\"elementor-container elementor-column-gap-default\">\n\t\t\t\t\t<div class=\"elementor-column elementor-col-100 elementor-top-column elementor-element elementor-element-5125d14\" data-id=\"5125d14\" data-element_type=\"column\" data-e-type=\"column\">\n\t\t\t<div class=\"elementor-widget-wrap elementor-element-populated\">\n\t\t\t\t\t\t<div class=\"elementor-element elementor-element-8b2947a elementor-widget elementor-widget-heading\" data-id=\"8b2947a\" data-element_type=\"widget\" data-e-type=\"widget\" data-widget_type=\"heading.default\">\n\t\t\t\t<div class=\"elementor-widget-container\">\n\t\t\t\t\t<h3 class=\"elementor-heading-title elementor-size-default\">Participez !<\/h3>\t\t\t\t<\/div>\n\t\t\t\t<\/div>\n\t\t\t\t<div class=\"elementor-element elementor-element-cb81622 elementor-widget elementor-widget-text-editor\" data-id=\"cb81622\" data-element_type=\"widget\" data-e-type=\"widget\" data-widget_type=\"text-editor.default\">\n\t\t\t\t<div class=\"elementor-widget-container\">\n\t\t\t\t\t\t\t\t\t<p>Si vous \u00eates un parent d&rsquo;\u00e9l\u00e8ve de l&rsquo;Ecole franco-am\u00e9ricaine de San Diego et que vous souhaitez vous porter volontaire pour l&rsquo;un des \u00e9v\u00e9nements ci-dessus, merci d&rsquo;envoyer un email \u00e0 <a href=\"mailto:pca@sdfas.org\">pca@sdfas.org<\/a>.<\/p>\t\t\t\t\t\t\t\t<\/div>\n\t\t\t\t<\/div>\n\t\t\t\t\t<\/div>\n\t\t<\/div>\n\t\t\t\t\t<\/div>\n\t\t<\/section>\n\t\t\t\t<section class=\"elementor-section elementor-top-section elementor-element elementor-element-6b28081 elementor-section-boxed elementor-section-height-default elementor-section-height-default\" data-id=\"6b28081\" data-element_type=\"section\" data-e-type=\"section\">\n\t\t\t\t\t\t<div class=\"elementor-container elementor-column-gap-default\">\n\t\t\t\t\t<div class=\"elementor-column elementor-col-100 elementor-top-column elementor-element elementor-element-40ddb0a\" data-id=\"40ddb0a\" data-element_type=\"column\" data-e-type=\"column\">\n\t\t\t<div class=\"elementor-widget-wrap\">\n\t\t\t\t\t\t\t<\/div>\n\t\t<\/div>\n\t\t\t\t\t<\/div>\n\t\t<\/section>\n\t\t\t\t<\/div>\n\t\t","protected":false},"excerpt":{"rendered":"<p>Association des Parents et de la Communaut\u00e9 Organisons-nous ! L&rsquo;association des parents et de la communaut\u00e9 de l&rsquo;\u00e9cole franco-am\u00e9ricaine de San Diego (P.C.A.) est compos\u00e9e d&rsquo;\u00e9l\u00e8ves, de professeurs, de membres du personnel et de parents d&rsquo;\u00e9l\u00e8ves. Sa mission est de renforcer et de soutenir une communaut\u00e9 dynamique, internationale et ouverte \u00e0 tous les membres de [&hellip;]<\/p>\n","protected":false},"author":10,"featured_media":0,"parent":0,"menu_order":0,"comment_status":"closed","ping_status":"closed","template":"","meta":{"_acf_changed":false,"om_disable_all_campaigns":false,"_monsterinsights_skip_tracking":false,"_monsterinsights_sitenote_active":false,"_monsterinsights_sitenote_note":"","_monsterinsights_sitenote_category":0,"footnotes":""},"class_list":["post-1910","page","type-page","status-publish","hentry"],"acf":[],"aioseo_notices":[],"_links":{"self":[{"href":"https:\/\/www.sdfas.org\/fr\/wp-json\/wp\/v2\/pages\/1910","targetHints":{"allow":["GET"]}}],"collection":[{"href":"https:\/\/www.sdfas.org\/fr\/wp-json\/wp\/v2\/pages"}],"about":[{"href":"https:\/\/www.sdfas.org\/fr\/wp-json\/wp\/v2\/types\/page"}],"author":[{"embeddable":true,"href":"https:\/\/www.sdfas.org\/fr\/wp-json\/wp\/v2\/users\/10"}],"replies":[{"embeddable":true,"href":"https:\/\/www.sdfas.org\/fr\/wp-json\/wp\/v2\/comments?post=1910"}],"version-history":[{"count":0,"href":"https:\/\/www.sdfas.org\/fr\/wp-json\/wp\/v2\/pages\/1910\/revisions"}],"wp:attachment":[{"href":"https:\/\/www.sdfas.org\/fr\/wp-json\/wp\/v2\/media?parent=1910"}],"curies":[{"name":"wp","href":"https:\/\/api.w.org\/{rel}","templated":true}]}}